{"id":97984,"date":"2025-09-03T18:36:54","date_gmt":"2025-09-03T16:36:54","guid":{"rendered":"https:\/\/www.lesjoforsab.com\/?page_id=97984"},"modified":"2025-09-03T19:15:18","modified_gmt":"2025-09-03T17:15:18","slug":"power-transmission-distribution-technology","status":"publish","type":"page","link":"https:\/\/www.lesjoforsab.com\/de\/power-transmission-distribution-technology\/","title":{"rendered":"Power Transmission &amp; Distribution Technology"},"content":{"rendered":"\t\t<div data-elementor-type=\"wp-page\" data-elementor-id=\"97984\" class=\"elementor elementor-97984 elementor-97822\" data-elementor-post-type=\"page\">\n\t\t\t\t<div class=\"elementor-element elementor-element-33929d9 e-flex e-con-boxed e-con e-parent\" data-id=\"33929d9\" data-element_type=\"container\" data-settings=\"{&quot;background_background&quot;:&quot;classic&quot;,&quot;jet_parallax_layout_list&quot;:[]}\">\n\t\t\t\t\t<div class=\"e-con-inner\">\n\t\t\t\t<div class=\"elementor-element elementor-element-943c93d p white margin-bottom-big  elementor-widget elementor-widget-text-editor\" data-id=\"943c93d\" data-element_type=\"widget\" data-widget_type=\"text-editor.default\">\n\t\t\t\t<div class=\"elementor-widget-container\">\n\t\t\t\t\t\t\t\t\t<p><strong>16. &#8211; 18. September 2025<\/strong><br \/>K\u00f6ln Messe, Deutschland<\/p>\t\t\t\t\t\t\t\t<\/div>\n\t\t\t\t<\/div>\n\t\t\t\t\t<\/div>\n\t\t\t\t<\/div>\n\t\t<div class=\"elementor-element elementor-element-c729fc7 e-flex e-con-boxed e-con e-parent\" data-id=\"c729fc7\" data-element_type=\"container\" data-settings=\"{&quot;jet_parallax_layout_list&quot;:[]}\">\n\t\t\t\t\t<div class=\"e-con-inner\">\n\t\t\t\t<div class=\"elementor-element elementor-element-2395719 elementor-widget elementor-widget-spacer\" data-id=\"2395719\" data-element_type=\"widget\" data-widget_type=\"spacer.default\">\n\t\t\t\t<div class=\"elementor-widget-container\">\n\t\t\t\t\t\t\t<div class=\"elementor-spacer\">\n\t\t\t<div class=\"elementor-spacer-inner\"><\/div>\n\t\t<\/div>\n\t\t\t\t\t\t<\/div>\n\t\t\t\t<\/div>\n\t\t\t\t\t<\/div>\n\t\t\t\t<\/div>\n\t\t<div class=\"elementor-element elementor-element-e51a282 e-flex e-con-boxed e-con e-parent\" data-id=\"e51a282\" data-element_type=\"container\" data-settings=\"{&quot;jet_parallax_layout_list&quot;:[]}\">\n\t\t\t\t\t<div class=\"e-con-inner\">\n\t\t\t\t<div class=\"elementor-element elementor-element-74b9d20 elementor-widget elementor-widget-heading\" data-id=\"74b9d20\" data-element_type=\"widget\" data-widget_type=\"heading.default\">\n\t\t\t\t<div class=\"elementor-widget-container\">\n\t\t\t\t\t<h2 class=\"elementor-heading-title elementor-size-default\">\u00dcber die Messe<\/h2>\t\t\t\t<\/div>\n\t\t\t\t<\/div>\n\t\t\t\t\t<\/div>\n\t\t\t\t<\/div>\n\t\t<div class=\"elementor-element elementor-element-ed3cb9f e-flex e-con-boxed e-con e-parent\" data-id=\"ed3cb9f\" data-element_type=\"container\" data-settings=\"{&quot;jet_parallax_layout_list&quot;:[]}\">\n\t\t\t\t\t<div class=\"e-con-inner\">\n\t\t\t\t<div class=\"elementor-element elementor-element-5ae1f38 elementor-widget elementor-widget-text-editor\" data-id=\"5ae1f38\" data-element_type=\"widget\" data-widget_type=\"text-editor.default\">\n\t\t\t\t<div class=\"elementor-widget-container\">\n\t\t\t\t\t\t\t\t\t<p>Milliarden Euro werden in die europ\u00e4ische Strominfrastruktur investiert \u2013 eine historische Chance f\u00fcr den Bereich Strom\u00fcbertragung und -verteilung. Dieser Moment bietet ein enormes Gesch\u00e4ftspotenzial f\u00fcr Systementwickler, Auftragnehmer und Netzwerkarchitekten.<\/p><p>Die Veranstaltung ist ausschlie\u00dflich Anbietern aus dem Bereich Strom\u00fcbertragung und -verteilung gewidmet und bietet die perfekte Plattform, um Technologien einem hochspezialisierten Publikum vorzustellen.<\/p><p>Unsere Komponenten bieten mechanische Pr\u00e4zision, stabile Leitf\u00e4higkeit und langfristige Zuverl\u00e4ssigkeit \u2013 entscheidende Eigenschaften f\u00fcr Anwendungen wie Transformatoren, Steckverbinder, Schaltschr\u00e4nke und Sicherheitsschalter.<\/p><p>Die <b>Lesj\u00f6fors-Gruppe<\/b> wird auf der Messe durch vier ihrer Unternehmen vertreten sein.<\/p>\t\t\t\t\t\t\t\t<\/div>\n\t\t\t\t<\/div>\n\t\t\t\t\t<\/div>\n\t\t\t\t<\/div>\n\t\t<div class=\"elementor-element elementor-element-2206384 e-flex e-con-boxed e-con e-parent\" data-id=\"2206384\" data-element_type=\"container\" data-settings=\"{&quot;jet_parallax_layout_list&quot;:[]}\">\n\t\t\t\t\t<div class=\"e-con-inner\">\n\t\t<div class=\"elementor-element elementor-element-aeecdfa e-con-full e-flex e-con e-child\" data-id=\"aeecdfa\" data-element_type=\"container\" data-settings=\"{&quot;jet_parallax_layout_list&quot;:[]}\">\n\t\t\t\t<div class=\"elementor-element elementor-element-bb2f22b elementor-widget elementor-widget-image\" data-id=\"bb2f22b\" data-element_type=\"widget\" data-widget_type=\"image.default\">\n\t\t\t\t<div class=\"elementor-widget-container\">\n\t\t\t\t\t\t\t\t\t\t\t\t\t\t\t<img fetchpriority=\"high\" decoding=\"async\" width=\"800\" height=\"600\" src=\"https:\/\/www.lesjoforsab.com\/wp-content\/uploads\/user-uploads\/industries\/power\/adobestock_893686345_klein-1024x768.jpeg\" class=\"attachment-large size-large wp-image-97882\" alt=\"\" srcset=\"https:\/\/www.lesjoforsab.com\/wp-content\/uploads\/user-uploads\/industries\/power\/adobestock_893686345_klein-1024x768.jpeg 1024w, https:\/\/www.lesjoforsab.com\/wp-content\/uploads\/user-uploads\/industries\/power\/adobestock_893686345_klein-300x225.jpeg 300w, https:\/\/www.lesjoforsab.com\/wp-content\/uploads\/user-uploads\/industries\/power\/adobestock_893686345_klein-768x576.jpeg 768w, https:\/\/www.lesjoforsab.com\/wp-content\/uploads\/user-uploads\/industries\/power\/adobestock_893686345_klein-1536x1152.jpeg 1536w, https:\/\/www.lesjoforsab.com\/wp-content\/uploads\/user-uploads\/industries\/power\/adobestock_893686345_klein-2048x1536.jpeg 2048w, https:\/\/www.lesjoforsab.com\/wp-content\/uploads\/user-uploads\/industries\/power\/adobestock_893686345_klein-400x300.jpeg 400w\" sizes=\"(max-width: 800px) 100vw, 800px\" \/>\t\t\t\t\t\t\t\t\t\t\t\t\t\t\t<\/div>\n\t\t\t\t<\/div>\n\t\t\t\t<\/div>\n\t\t<div class=\"elementor-element elementor-element-4e0b9f8 e-con-full e-flex e-con e-child\" data-id=\"4e0b9f8\" data-element_type=\"container\" data-settings=\"{&quot;jet_parallax_layout_list&quot;:[]}\">\n\t\t\t\t<div class=\"elementor-element elementor-element-201d035 elementor-widget elementor-widget-text-editor\" data-id=\"201d035\" data-element_type=\"widget\" data-widget_type=\"text-editor.default\">\n\t\t\t\t<div class=\"elementor-widget-container\">\n\t\t\t\t\t\t\t\t\t<p>Seien Sie unser Gast auf der Power Transmission &amp; Distribution Technology Expo, der neuen Messe f\u00fcr die<b> Strom\u00fcbertragungs- und -verteilungsnetze der n\u00e4chsten Generation<\/b>. Lernen Sie unser gesamtes Portfolio an Federn, Stanz- und Biegeteilen f\u00fcr den Energiesektor kennen.<\/p><p>Besuchen Sie uns auf unserem Messestand Nummer 11030. Wir freuen uns sehr, Sie willkommen zu hei\u00dfen.<\/p><p>Weitere Infos finden Sie unter:<br \/><a href=\"https:\/\/www.powertranstech.com\/de\">https:\/\/www.powertranstech.com\/de<\/a>\u00a0<\/p>\t\t\t\t\t\t\t\t<\/div>\n\t\t\t\t<\/div>\n\t\t\t\t<\/div>\n\t\t\t\t\t<\/div>\n\t\t\t\t<\/div>\n\t\t<div class=\"elementor-element elementor-element-f739bfc e-flex e-con-boxed e-con e-parent\" data-id=\"f739bfc\" data-element_type=\"container\" data-settings=\"{&quot;background_background&quot;:&quot;classic&quot;,&quot;jet_parallax_layout_list&quot;:[]}\">\n\t\t\t\t\t<div class=\"e-con-inner\">\n\t\t<div class=\"elementor-element elementor-element-a2ea731 e-con-full e-flex e-con e-child\" data-id=\"a2ea731\" data-element_type=\"container\" data-settings=\"{&quot;jet_parallax_layout_list&quot;:[]}\">\n\t\t\t\t<div class=\"elementor-element elementor-element-afadf0d elementor-widget elementor-widget-heading\" data-id=\"afadf0d\" data-element_type=\"widget\" data-widget_type=\"heading.default\">\n\t\t\t\t<div class=\"elementor-widget-container\">\n\t\t\t\t\t<h2 class=\"elementor-heading-title elementor-size-default\">Unser Highlight<\/h2>\t\t\t\t<\/div>\n\t\t\t\t<\/div>\n\t\t\t\t<div class=\"elementor-element elementor-element-2416ee5 elementor-widget elementor-widget-text-editor\" data-id=\"2416ee5\" data-element_type=\"widget\" data-widget_type=\"text-editor.default\">\n\t\t\t\t<div class=\"elementor-widget-container\">\n\t\t\t\t\t\t\t\t\t<p><strong>Henk de Vos<\/strong>, Sales Director unserer Tochter Verenfabriek De Spiraal B.V., spricht \u00fcber\u00a0<\/p><p><strong>Spring(s) into the Power Industry \u2013 Sustainable Spring Solutions for Energy and Utilities.<\/strong><\/p><p>Verpassen Sie seinen Vortrag nicht!<\/p><p><strong>17. September 2025 | 16:10 Uhr\u00a0<\/strong><\/p>\t\t\t\t\t\t\t\t<\/div>\n\t\t\t\t<\/div>\n\t\t\t\t<\/div>\n\t\t<div class=\"elementor-element elementor-element-b8ea1bd e-con-full e-flex e-con e-child\" data-id=\"b8ea1bd\" data-element_type=\"container\" data-settings=\"{&quot;jet_parallax_layout_list&quot;:[]}\">\n\t\t\t\t<div class=\"elementor-element elementor-element-a1a0600 elementor-widget elementor-widget-image\" data-id=\"a1a0600\" data-element_type=\"widget\" data-widget_type=\"image.default\">\n\t\t\t\t<div class=\"elementor-widget-container\">\n\t\t\t\t\t\t\t\t\t\t\t\t\t\t\t<img decoding=\"async\" width=\"200\" height=\"200\" src=\"https:\/\/www.lesjoforsab.com\/wp-content\/uploads\/user-uploads\/lesjoefors-contact_person\/1709012206834.jpg\" class=\"attachment-large size-large wp-image-97854\" alt=\"\" srcset=\"https:\/\/www.lesjoforsab.com\/wp-content\/uploads\/user-uploads\/lesjoefors-contact_person\/1709012206834.jpg 200w, https:\/\/www.lesjoforsab.com\/wp-content\/uploads\/user-uploads\/lesjoefors-contact_person\/1709012206834-150x150.jpg 150w\" sizes=\"(max-width: 200px) 100vw, 200px\" \/>\t\t\t\t\t\t\t\t\t\t\t\t\t\t\t<\/div>\n\t\t\t\t<\/div>\n\t\t\t\t<\/div>\n\t\t\t\t\t<\/div>\n\t\t\t\t<\/div>\n\t\t<div class=\"elementor-element elementor-element-1a61cc8 e-flex e-con-boxed e-con e-parent\" data-id=\"1a61cc8\" data-element_type=\"container\" data-settings=\"{&quot;jet_parallax_layout_list&quot;:[]}\">\n\t\t\t\t\t<div class=\"e-con-inner\">\n\t\t\t\t<div class=\"elementor-element elementor-element-ce7c1d7 elementor-widget elementor-widget-heading\" data-id=\"ce7c1d7\" data-element_type=\"widget\" data-widget_type=\"heading.default\">\n\t\t\t\t<div class=\"elementor-widget-container\">\n\t\t\t\t\t<h2 class=\"elementor-heading-title elementor-size-default\">Anmeldung zur Messe<\/h2>\t\t\t\t<\/div>\n\t\t\t\t<\/div>\n\t\t\t\t<div class=\"elementor-element elementor-element-65395ed elementor-widget elementor-widget-text-editor\" data-id=\"65395ed\" data-element_type=\"widget\" data-widget_type=\"text-editor.default\">\n\t\t\t\t<div class=\"elementor-widget-container\">\n\t\t\t\t\t\t\t\t\t<p>Fragen Sie jetzt Ihr pers\u00f6nliches und kostenfreies Messeticket an und besuchen Sie uns auf unserem Messestand.<\/p>\t\t\t\t\t\t\t\t<\/div>\n\t\t\t\t<\/div>\n\t\t\t\t\t<\/div>\n\t\t\t\t<\/div>\n\t\t<div class=\"elementor-element elementor-element-0fbddfb e-flex e-con-boxed e-con e-parent\" data-id=\"0fbddfb\" data-element_type=\"container\" data-settings=\"{&quot;jet_parallax_layout_list&quot;:[]}\">\n\t\t\t\t\t<div class=\"e-con-inner\">\n\t\t\t\t<div class=\"elementor-element elementor-element-dcef65a elementor-button-align-stretch elementor-widget elementor-widget-form\" data-id=\"dcef65a\" data-element_type=\"widget\" data-settings=\"{&quot;step_next_label&quot;:&quot;Next&quot;,&quot;step_previous_label&quot;:&quot;Previous&quot;,&quot;button_width&quot;:&quot;100&quot;,&quot;step_type&quot;:&quot;number_text&quot;,&quot;step_icon_shape&quot;:&quot;circle&quot;}\" data-widget_type=\"form.default\">\n\t\t\t\t<div class=\"elementor-widget-container\">\n\t\t\t\t\t\t\t<form class=\"elementor-form\" method=\"post\" id=\"event\" name=\"New Form\" aria-label=\"New Form\">\n\t\t\t<input type=\"hidden\" name=\"post_id\" value=\"97984\"\/>\n\t\t\t<input type=\"hidden\" name=\"form_id\" value=\"dcef65a\"\/>\n\t\t\t<input type=\"hidden\" name=\"referer_title\" value=\"Lesj\u00f6fors &#8211; Industrial Springs and Pressings\" \/>\n\n\t\t\t\n\t\t\t<div class=\"elementor-form-fields-wrapper elementor-labels-above\">\n\t\t\t\t\t\t\t\t<div class=\"elementor-field-type-text elementor-field-group elementor-column elementor-field-group-field_0e519fa elementor-col-100\">\n\t\t\t\t\t\t\t\t\t\t\t\t<label for=\"form-field-field_0e519fa\" class=\"elementor-field-label\">\n\t\t\t\t\t\t\t\tEvent\t\t\t\t\t\t\t<\/label>\n\t\t\t\t\t\t\t\t\t\t\t\t\t\t<input size=\"1\" type=\"text\" name=\"form_fields[field_0e519fa]\" id=\"form-field-field_0e519fa\" class=\"elementor-field elementor-size-sm  elementor-field-textual\" placeholder=\"Event\" value=\"Power Transmission &amp; Distribution 2025\">\n\t\t\t\t\t\t\t\t\t\t\t<\/div>\n\t\t\t\t\t\t\t\t<div class=\"elementor-field-type-text elementor-field-group elementor-column elementor-field-group-field_40609bf elementor-col-100\">\n\t\t\t\t\t\t\t\t\t\t\t\t<label for=\"form-field-field_40609bf\" class=\"elementor-field-label\">\n\t\t\t\t\t\t\t\tVorname\t\t\t\t\t\t\t<\/label>\n\t\t\t\t\t\t\t\t\t\t\t\t\t\t<input size=\"1\" type=\"text\" name=\"form_fields[field_40609bf]\" id=\"form-field-field_40609bf\" class=\"elementor-field elementor-size-sm  elementor-field-textual\" placeholder=\"Vorname\">\n\t\t\t\t\t\t\t\t\t\t\t<\/div>\n\t\t\t\t\t\t\t\t<div class=\"elementor-field-type-text elementor-field-group elementor-column elementor-field-group-name elementor-col-100\">\n\t\t\t\t\t\t\t\t\t\t\t\t<label for=\"form-field-name\" class=\"elementor-field-label\">\n\t\t\t\t\t\t\t\tFamilienname\t\t\t\t\t\t\t<\/label>\n\t\t\t\t\t\t\t\t\t\t\t\t\t\t<input size=\"1\" type=\"text\" name=\"form_fields[name]\" id=\"form-field-name\" class=\"elementor-field elementor-size-sm  elementor-field-textual\" placeholder=\"Familienname\">\n\t\t\t\t\t\t\t\t\t\t\t<\/div>\n\t\t\t\t\t\t\t\t<div class=\"elementor-field-type-email elementor-field-group elementor-column elementor-field-group-email elementor-col-100 elementor-field-required\">\n\t\t\t\t\t\t\t\t\t\t\t\t<label for=\"form-field-email\" class=\"elementor-field-label\">\n\t\t\t\t\t\t\t\tEmail\t\t\t\t\t\t\t<\/label>\n\t\t\t\t\t\t\t\t\t\t\t\t\t\t<input size=\"1\" type=\"email\" name=\"form_fields[email]\" id=\"form-field-email\" class=\"elementor-field elementor-size-sm  elementor-field-textual\" placeholder=\"Email\" required=\"required\">\n\t\t\t\t\t\t\t\t\t\t\t<\/div>\n\t\t\t\t\t\t\t\t<div class=\"elementor-field-type-textarea elementor-field-group elementor-column elementor-field-group-message elementor-col-100\">\n\t\t\t\t\t\t\t\t\t\t\t\t<label for=\"form-field-message\" class=\"elementor-field-label\">\n\t\t\t\t\t\t\t\tNachricht\t\t\t\t\t\t\t<\/label>\n\t\t\t\t\t\t<textarea class=\"elementor-field-textual elementor-field  elementor-size-sm\" name=\"form_fields[message]\" id=\"form-field-message\" rows=\"4\" placeholder=\"Nachricht\"><\/textarea>\t\t\t\t<\/div>\n\t\t\t\t\t\t\t\t<div class=\"elementor-field-group elementor-column elementor-field-type-submit elementor-col-100 e-form__buttons\">\n\t\t\t\t\t<button class=\"elementor-button elementor-size-sm\" type=\"submit\">\n\t\t\t\t\t\t<span class=\"elementor-button-content-wrapper\">\n\t\t\t\t\t\t\t\t\t\t\t\t\t\t\t\t\t\t\t\t\t\t<span class=\"elementor-button-text\">Absenden<\/span>\n\t\t\t\t\t\t\t\t\t\t\t\t\t<\/span>\n\t\t\t\t\t<\/button>\n\t\t\t\t<\/div>\n\t\t\t<\/div>\n\t\t<\/form>\n\t\t\t\t\t\t<\/div>\n\t\t\t\t<\/div>\n\t\t\t\t<div class=\"elementor-element elementor-element-594401f elementor-widget elementor-widget-text-editor\" data-id=\"594401f\" data-element_type=\"widget\" data-widget_type=\"text-editor.default\">\n\t\t\t\t<div class=\"elementor-widget-container\">\n\t\t\t\t\t\t\t\t\t<p>* Mit Klicken auf &#8222;Absenden&#8220; willigen Sie ein, dass Ihre Daten ausschlie\u00dflich zu Zwecken der Kontaktaufnahme seitens der Lesj\u00f6fors Group erhoben, verarbeitet und genutzt werden und dass Sie unsere <a href=\"https:\/\/www.lesjoforsab.com\/de\/datenschutz\/\">Datenschutzhinweise<\/a> akzeptieren.<\/p>\t\t\t\t\t\t\t\t<\/div>\n\t\t\t\t<\/div>\n\t\t\t\t\t<\/div>\n\t\t\t\t<\/div>\n\t\t\t\t<\/div>\n\t\t","protected":false},"excerpt":{"rendered":"<p>16. &#8211; 18. September 2025K\u00f6ln Messe, Deutschland \u00dcber die Messe Milliarden Euro werden in die europ\u00e4ische Strominfrastruktur investiert \u2013 eine historische Chance f\u00fcr den Bereich Strom\u00fcbertragung und -verteilung. Dieser Moment bietet ein enormes Gesch\u00e4ftspotenzial f\u00fcr Systementwickler, Auftragnehmer und Netzwerkarchitekten. Die Veranstaltung ist ausschlie\u00dflich Anbietern aus dem Bereich Strom\u00fcbertragung und -verteilung gewidmet und bietet die perfekte [&hellip;]<\/p>\n","protected":false},"author":50,"featured_media":97882,"parent":0,"menu_order":0,"comment_status":"closed","ping_status":"closed","template":"","meta":{"footnotes":""},"class_list":["post-97984","page","type-page","status-publish","has-post-thumbnail","hentry"],"yoast_head":"<!-- This site is optimized with the Yoast SEO plugin v25.6 - https:\/\/yoast.com\/wordpress\/plugins\/seo\/ -->\n<title>Lesj\u00f6fors Gruppe | Anstehende Messen<\/title>\n<meta name=\"description\" content=\"Die Lesj\u00f6fors Gruppe stellt auf der Power Transmission and Distribution Technology Expo auf der K\u00f6lner Messe aus.\" \/>\n<meta name=\"robots\" content=\"index, follow, max-snippet:-1, max-image-preview:large, max-video-preview:-1\" \/>\n<link rel=\"canonical\" href=\"https:\/\/www.lesjoforsab.com\/de\/power-transmission-distribution-technology\/\" \/>\n<meta property=\"og:locale\" content=\"de_DE\" \/>\n<meta property=\"og:type\" content=\"article\" \/>\n<meta property=\"og:title\" content=\"Lesj\u00f6fors Gruppe | Anstehende Messen\" \/>\n<meta property=\"og:description\" content=\"Die Lesj\u00f6fors Gruppe stellt auf der Power Transmission and Distribution Technology Expo auf der K\u00f6lner Messe aus.\" \/>\n<meta property=\"og:url\" content=\"https:\/\/www.lesjoforsab.com\/de\/power-transmission-distribution-technology\/\" \/>\n<meta property=\"og:site_name\" content=\"Lesj\u00f6fors - Industrial Springs and Pressings\" \/>\n<meta property=\"article:modified_time\" content=\"2025-09-03T17:15:18+00:00\" \/>\n<meta property=\"og:image\" content=\"https:\/\/www.lesjoforsab.com\/wp-content\/uploads\/user-uploads\/industries\/power\/adobestock_893686345_klein-scaled.jpeg\" \/>\n\t<meta property=\"og:image:width\" content=\"3840\" \/>\n\t<meta property=\"og:image:height\" content=\"2880\" \/>\n\t<meta property=\"og:image:type\" content=\"image\/jpeg\" \/>\n<script type=\"application\/ld+json\" class=\"yoast-schema-graph\">{\"@context\":\"https:\/\/schema.org\",\"@graph\":[{\"@type\":\"WebPage\",\"@id\":\"https:\/\/www.lesjoforsab.com\/de\/power-transmission-distribution-technology\/\",\"url\":\"https:\/\/www.lesjoforsab.com\/de\/power-transmission-distribution-technology\/\",\"name\":\"Lesj\u00f6fors Gruppe | Anstehende Messen\",\"isPartOf\":{\"@id\":\"https:\/\/www.lesjoforsab.com\/de\/#website\"},\"primaryImageOfPage\":{\"@id\":\"https:\/\/www.lesjoforsab.com\/de\/power-transmission-distribution-technology\/#primaryimage\"},\"image\":{\"@id\":\"https:\/\/www.lesjoforsab.com\/de\/power-transmission-distribution-technology\/#primaryimage\"},\"thumbnailUrl\":\"https:\/\/www.lesjoforsab.com\/wp-content\/uploads\/user-uploads\/industries\/power\/adobestock_893686345_klein-scaled.jpeg\",\"datePublished\":\"2025-09-03T16:36:54+00:00\",\"dateModified\":\"2025-09-03T17:15:18+00:00\",\"description\":\"Die Lesj\u00f6fors Gruppe stellt auf der Power Transmission and Distribution Technology Expo auf der K\u00f6lner Messe aus.\",\"breadcrumb\":{\"@id\":\"https:\/\/www.lesjoforsab.com\/de\/power-transmission-distribution-technology\/#breadcrumb\"},\"inLanguage\":\"de\",\"potentialAction\":[{\"@type\":\"ReadAction\",\"target\":[\"https:\/\/www.lesjoforsab.com\/de\/power-transmission-distribution-technology\/\"]}]},{\"@type\":\"ImageObject\",\"inLanguage\":\"de\",\"@id\":\"https:\/\/www.lesjoforsab.com\/de\/power-transmission-distribution-technology\/#primaryimage\",\"url\":\"https:\/\/www.lesjoforsab.com\/wp-content\/uploads\/user-uploads\/industries\/power\/adobestock_893686345_klein-scaled.jpeg\",\"contentUrl\":\"https:\/\/www.lesjoforsab.com\/wp-content\/uploads\/user-uploads\/industries\/power\/adobestock_893686345_klein-scaled.jpeg\",\"width\":3840,\"height\":2880,\"caption\":\"Electricity transmission towers and infrastructure network, digital visualization of power lines with renewable energy supply against starry sky\"},{\"@type\":\"BreadcrumbList\",\"@id\":\"https:\/\/www.lesjoforsab.com\/de\/power-transmission-distribution-technology\/#breadcrumb\",\"itemListElement\":[{\"@type\":\"ListItem\",\"position\":1,\"name\":\"Home\",\"item\":\"https:\/\/www.lesjoforsab.com\/de\/\"},{\"@type\":\"ListItem\",\"position\":2,\"name\":\"Power Transmission &amp; Distribution Technology\"}]},{\"@type\":\"WebSite\",\"@id\":\"https:\/\/www.lesjoforsab.com\/de\/#website\",\"url\":\"https:\/\/www.lesjoforsab.com\/de\/\",\"name\":\"Lesj\u00f6fors - Industrial Springs and Pressings\",\"description\":\"\",\"publisher\":{\"@id\":\"https:\/\/www.lesjoforsab.com\/de\/#organization\"},\"potentialAction\":[{\"@type\":\"SearchAction\",\"target\":{\"@type\":\"EntryPoint\",\"urlTemplate\":\"https:\/\/www.lesjoforsab.com\/de\/?s={search_term_string}\"},\"query-input\":{\"@type\":\"PropertyValueSpecification\",\"valueRequired\":true,\"valueName\":\"search_term_string\"}}],\"inLanguage\":\"de\"},{\"@type\":\"Organization\",\"@id\":\"https:\/\/www.lesjoforsab.com\/de\/#organization\",\"name\":\"Lesj\u00f6fors AB\",\"url\":\"https:\/\/www.lesjoforsab.com\/de\/\",\"logo\":{\"@type\":\"ImageObject\",\"inLanguage\":\"de\",\"@id\":\"https:\/\/www.lesjoforsab.com\/de\/#\/schema\/logo\/image\/\",\"url\":\"https:\/\/www.lesjoforsab.com\/wp-content\/uploads\/User-Uploads\/Lesjoefors-Brand\/Logotypes\/lesjofors-logo-without-payoff.jpg\",\"contentUrl\":\"https:\/\/www.lesjoforsab.com\/wp-content\/uploads\/User-Uploads\/Lesjoefors-Brand\/Logotypes\/lesjofors-logo-without-payoff.jpg\",\"width\":1347,\"height\":378,\"caption\":\"Lesj\u00f6fors AB\"},\"image\":{\"@id\":\"https:\/\/www.lesjoforsab.com\/de\/#\/schema\/logo\/image\/\"},\"sameAs\":[\"https:\/\/x.com\/lesjoforsgroup\",\"https:\/\/www.linkedin.com\/company\/lesjoforsab\/\",\"https:\/\/www.youtube.com\/user\/lesjoforsab\"]}]}<\/script>\n<!-- \/ Yoast SEO plugin. -->","yoast_head_json":{"title":"Lesj\u00f6fors Gruppe | Anstehende Messen","description":"Die Lesj\u00f6fors Gruppe stellt auf der Power Transmission and Distribution Technology Expo auf der K\u00f6lner Messe aus.","robots":{"index":"index","follow":"follow","max-snippet":"max-snippet:-1","max-image-preview":"max-image-preview:large","max-video-preview":"max-video-preview:-1"},"canonical":"https:\/\/www.lesjoforsab.com\/de\/power-transmission-distribution-technology\/","og_locale":"de_DE","og_type":"article","og_title":"Lesj\u00f6fors Gruppe | Anstehende Messen","og_description":"Die Lesj\u00f6fors Gruppe stellt auf der Power Transmission and Distribution Technology Expo auf der K\u00f6lner Messe aus.","og_url":"https:\/\/www.lesjoforsab.com\/de\/power-transmission-distribution-technology\/","og_site_name":"Lesj\u00f6fors - Industrial Springs and Pressings","article_modified_time":"2025-09-03T17:15:18+00:00","og_image":[{"width":3840,"height":2880,"url":"https:\/\/www.lesjoforsab.com\/wp-content\/uploads\/user-uploads\/industries\/power\/adobestock_893686345_klein-scaled.jpeg","type":"image\/jpeg"}],"schema":{"@context":"https:\/\/schema.org","@graph":[{"@type":"WebPage","@id":"https:\/\/www.lesjoforsab.com\/de\/power-transmission-distribution-technology\/","url":"https:\/\/www.lesjoforsab.com\/de\/power-transmission-distribution-technology\/","name":"Lesj\u00f6fors Gruppe | Anstehende Messen","isPartOf":{"@id":"https:\/\/www.lesjoforsab.com\/de\/#website"},"primaryImageOfPage":{"@id":"https:\/\/www.lesjoforsab.com\/de\/power-transmission-distribution-technology\/#primaryimage"},"image":{"@id":"https:\/\/www.lesjoforsab.com\/de\/power-transmission-distribution-technology\/#primaryimage"},"thumbnailUrl":"https:\/\/www.lesjoforsab.com\/wp-content\/uploads\/user-uploads\/industries\/power\/adobestock_893686345_klein-scaled.jpeg","datePublished":"2025-09-03T16:36:54+00:00","dateModified":"2025-09-03T17:15:18+00:00","description":"Die Lesj\u00f6fors Gruppe stellt auf der Power Transmission and Distribution Technology Expo auf der K\u00f6lner Messe aus.","breadcrumb":{"@id":"https:\/\/www.lesjoforsab.com\/de\/power-transmission-distribution-technology\/#breadcrumb"},"inLanguage":"de","potentialAction":[{"@type":"ReadAction","target":["https:\/\/www.lesjoforsab.com\/de\/power-transmission-distribution-technology\/"]}]},{"@type":"ImageObject","inLanguage":"de","@id":"https:\/\/www.lesjoforsab.com\/de\/power-transmission-distribution-technology\/#primaryimage","url":"https:\/\/www.lesjoforsab.com\/wp-content\/uploads\/user-uploads\/industries\/power\/adobestock_893686345_klein-scaled.jpeg","contentUrl":"https:\/\/www.lesjoforsab.com\/wp-content\/uploads\/user-uploads\/industries\/power\/adobestock_893686345_klein-scaled.jpeg","width":3840,"height":2880,"caption":"Electricity transmission towers and infrastructure network, digital visualization of power lines with renewable energy supply against starry sky"},{"@type":"BreadcrumbList","@id":"https:\/\/www.lesjoforsab.com\/de\/power-transmission-distribution-technology\/#breadcrumb","itemListElement":[{"@type":"ListItem","position":1,"name":"Home","item":"https:\/\/www.lesjoforsab.com\/de\/"},{"@type":"ListItem","position":2,"name":"Power Transmission &amp; Distribution Technology"}]},{"@type":"WebSite","@id":"https:\/\/www.lesjoforsab.com\/de\/#website","url":"https:\/\/www.lesjoforsab.com\/de\/","name":"Lesj\u00f6fors - Industrial Springs and Pressings","description":"","publisher":{"@id":"https:\/\/www.lesjoforsab.com\/de\/#organization"},"potentialAction":[{"@type":"SearchAction","target":{"@type":"EntryPoint","urlTemplate":"https:\/\/www.lesjoforsab.com\/de\/?s={search_term_string}"},"query-input":{"@type":"PropertyValueSpecification","valueRequired":true,"valueName":"search_term_string"}}],"inLanguage":"de"},{"@type":"Organization","@id":"https:\/\/www.lesjoforsab.com\/de\/#organization","name":"Lesj\u00f6fors AB","url":"https:\/\/www.lesjoforsab.com\/de\/","logo":{"@type":"ImageObject","inLanguage":"de","@id":"https:\/\/www.lesjoforsab.com\/de\/#\/schema\/logo\/image\/","url":"https:\/\/www.lesjoforsab.com\/wp-content\/uploads\/User-Uploads\/Lesjoefors-Brand\/Logotypes\/lesjofors-logo-without-payoff.jpg","contentUrl":"https:\/\/www.lesjoforsab.com\/wp-content\/uploads\/User-Uploads\/Lesjoefors-Brand\/Logotypes\/lesjofors-logo-without-payoff.jpg","width":1347,"height":378,"caption":"Lesj\u00f6fors AB"},"image":{"@id":"https:\/\/www.lesjoforsab.com\/de\/#\/schema\/logo\/image\/"},"sameAs":["https:\/\/x.com\/lesjoforsgroup","https:\/\/www.linkedin.com\/company\/lesjoforsab\/","https:\/\/www.youtube.com\/user\/lesjoforsab"]}]}},"_links":{"self":[{"href":"https:\/\/www.lesjoforsab.com\/de\/wp-json\/wp\/v2\/pages\/97984","targetHints":{"allow":["GET"]}}],"collection":[{"href":"https:\/\/www.lesjoforsab.com\/de\/wp-json\/wp\/v2\/pages"}],"about":[{"href":"https:\/\/www.lesjoforsab.com\/de\/wp-json\/wp\/v2\/types\/page"}],"author":[{"embeddable":true,"href":"https:\/\/www.lesjoforsab.com\/de\/wp-json\/wp\/v2\/users\/50"}],"replies":[{"embeddable":true,"href":"https:\/\/www.lesjoforsab.com\/de\/wp-json\/wp\/v2\/comments?post=97984"}],"version-history":[{"count":11,"href":"https:\/\/www.lesjoforsab.com\/de\/wp-json\/wp\/v2\/pages\/97984\/revisions"}],"predecessor-version":[{"id":97997,"href":"https:\/\/www.lesjoforsab.com\/de\/wp-json\/wp\/v2\/pages\/97984\/revisions\/97997"}],"wp:featuredmedia":[{"embeddable":true,"href":"https:\/\/www.lesjoforsab.com\/de\/wp-json\/wp\/v2\/media\/97882"}],"wp:attachment":[{"href":"https:\/\/www.lesjoforsab.com\/de\/wp-json\/wp\/v2\/media?parent=97984"}],"curies":[{"name":"wp","href":"https:\/\/api.w.org\/{rel}","templated":true}]}}